{"id":768,"date":"2013-03-25T12:28:50","date_gmt":"2013-03-25T11:28:50","guid":{"rendered":"http:\/\/www.gaj-osiedle.wroclaw.pl\/?page_id=768"},"modified":"2025-08-01T21:48:35","modified_gmt":"2025-08-01T19:48:35","slug":"mapa","status":"publish","type":"page","link":"https:\/\/online.tvk-gaj.pl\/?page_id=768","title":{"rendered":"Mapa"},"content":{"rendered":"<p><strong>GDZIE ZNAJDUJE SI\u0118 GAJ?<\/strong><\/p>\n<p>Osiedle po\u0142o\u017cone jest w po\u0142udniowej cz\u0119\u015bci&nbsp;Wroc\u0142awia. Graniczny od p\u00f3\u0142nocy z osiedlem Huby, od po\u0142udnia z osiedlem Wojszyce, od wschodu z Tarnogajem oraz zachodu z osiedlem Borek. Gaj&nbsp;zajmuje po\u0142udniow\u0105 cz\u0119\u015b\u0107 teren\u00f3w przy\u0142\u0105czonej do miasta w roku&nbsp;1904&nbsp;wsi&nbsp;<i>Herdain<\/i>. Nie nale\u017cy myli\u0107 go z s\u0105siednim osiedlem&nbsp;Tarnogaj&nbsp;znajduj\u0105cym si\u0119 r\u00f3wnie\u017c w obr\u0119bie tej samej dawnej dzielnicy&nbsp;Krzyki&nbsp;ani z le\u017c\u0105cym nieco dalej na zach\u00f3d osiedlem&nbsp;Gajowice, le\u017c\u0105cym w dzielnicy&nbsp;Fabryczna. R\u00f3wnie\u017c osiedla&nbsp;Gajowa&nbsp;w p\u00f3\u0142nocno-wschodniej okolicy miasta nie \u0142\u0105czy z osiedlem Gaj nic pr\u00f3cz podobie\u0144stwa nazwy.<\/p>\n<p>&nbsp;<\/p>\n<p>&nbsp;<\/p>\n<p><img loading=\"lazy\" decoding=\"async\" class=\" wp-image-776 alignleft\" src=\"https:\/\/online.tvk-gaj.pl\/wp-content\/uploads\/2013\/03\/800px-Wroc%C5%82aw_Gaj.png\" alt=\"800px-Wroc\u0142aw_Gaj\" width=\"480\" height=\"334\"><\/p>\n<p>&nbsp;<\/p>\n<p>&nbsp;<\/p>\n<p>&nbsp;<\/p>\n<p>&nbsp;<\/p>\n<p>&nbsp;<\/p>\n<p>&nbsp;<\/p>\n<p>&nbsp;<\/p>\n<p>&nbsp;<\/p>\n<p>&nbsp;<\/p>\n<p>&nbsp;<\/p>\n<p>&nbsp;<\/p>\n<p>&nbsp;<\/p>\n<p><strong>GRANICE OSIEDLA<\/strong><\/p>\n<p>Granice osiedla Gaj wyznaczaj\u0105:<\/p>\n<p>-od p\u00f3\u0142nocy Aleja Armii Krajowej<\/p>\n<p>-od po\u0142udnia nasyp kolejowy wzd\u0142u\u017c ulicy Jerzego Kukuczki<\/p>\n<p>-od wschodu ul. Bardzka<\/p>\n<p>-od zachodu ul. Spiska<\/p>\n<p>&nbsp;<\/p>\n<p>&nbsp;<\/p>\n<p>&nbsp;<\/p>\n<p><strong>MAPA OSIEDLA GAJ<\/strong><\/p>\n<p>[mappress mapid=&#8221;3&#8243;]<\/p>\n<p>&nbsp;<\/p>\n<p><img loading=\"lazy\" decoding=\"async\" class=\" wp-image-777 alignleft\" src=\"https:\/\/online.tvk-gaj.pl\/wp-content\/uploads\/2013\/03\/gajmapka.jpg\" alt=\"gajmapka\" width=\"464\" height=\"324\" srcset=\"https:\/\/online.tvk-gaj.pl\/wp-content\/uploads\/2013\/03\/gajmapka.jpg 773w, https:\/\/online.tvk-gaj.pl\/wp-content\/uploads\/2013\/03\/gajmapka-300x209.jpg 300w\" sizes=\"auto, (max-width: 464px) 100vw, 464px\" \/><\/p>\n<p>&nbsp;<\/p>\n<p>&nbsp;<\/p>\n<p>&nbsp;<\/p>\n<p>&nbsp;<\/p>\n<p>&nbsp;<\/p>\n<p>&nbsp;<\/p>\n<p>&nbsp;<\/p>\n<p>&nbsp;<\/p>\n<p>&nbsp;<\/p>\n<p>&nbsp;<\/p>\n<p>&nbsp;<\/p>\n<p>&nbsp;<\/p>\n<p><strong>JAK DOJECHA\u0106 NA GAJ?<\/strong><\/p>\n<p>Osiedle Gaj jest doskonale skomunikowane z reszt\u0105 miasta. Transportu samochodowy zwi\u0105zany jest z trzema g\u0142\u00f3wnymi drogami prowadz\u0105cymi na osiedle: ul. Borowsk\u0105, Armii Krajowej i Bardzk\u0105. Dojazd z okolic dworca PKP\/PKS zajmuje w godzinach nocnych ok 5 minut. &nbsp;Ponadto, aby dotrze\u0107 na Gaj mo\u017cna skorzysta\u0107 z komunikacji miejskiej, zar\u00f3wno autobusowej jak i tramwajowej. Zamieszczamy dok\u0142adny schemat komunikacji zbiorowej &#8211; autobusowej i tramwajowej, dziennej i nocnej.<\/p>\n<p>&nbsp;<\/p>\n<p style=\"text-align: center;\"><a href=\"https:\/\/online.tvk-gaj.pl\/wp-content\/uploads\/2013\/03\/mpkgaj.jpg\"><img loading=\"lazy\" decoding=\"async\" class=\"aligncenter  wp-image-1765\" src=\"https:\/\/online.tvk-gaj.pl\/wp-content\/uploads\/2013\/03\/mpkgaj-1024x661.jpg\" alt=\"mpkgaj\" width=\"614\" height=\"397\" srcset=\"https:\/\/online.tvk-gaj.pl\/wp-content\/uploads\/2013\/03\/mpkgaj-1024x661.jpg 1024w, https:\/\/online.tvk-gaj.pl\/wp-content\/uploads\/2013\/03\/mpkgaj-300x193.jpg 300w, https:\/\/online.tvk-gaj.pl\/wp-content\/uploads\/2013\/03\/mpkgaj.jpg 1311w\" sizes=\"auto, (max-width: 614px) 100vw, 614px\" \/><\/a><\/p>\n<p style=\"text-align: center;\"><a href=\"https:\/\/online.tvk-gaj.pl\/wp-content\/uploads\/2013\/03\/komunikacja_gaj_autobusy.png\"><img loading=\"lazy\" decoding=\"async\" class=\"aligncenter size-full wp-image-1762\" src=\"https:\/\/online.tvk-gaj.pl\/wp-content\/uploads\/2013\/03\/komunikacja_gaj_autobusy.png\" alt=\"komunikacja_gaj_autobusy\" width=\"571\" height=\"541\" srcset=\"https:\/\/online.tvk-gaj.pl\/wp-content\/uploads\/2013\/03\/komunikacja_gaj_autobusy.png 571w, https:\/\/online.tvk-gaj.pl\/wp-content\/uploads\/2013\/03\/komunikacja_gaj_autobusy-300x284.png 300w\" sizes=\"auto, (max-width: 571px) 100vw, 571px\" \/><\/a><\/p>\n<p><a href=\"https:\/\/online.tvk-gaj.pl\/wp-content\/uploads\/2013\/03\/komunikacja_gaj_tramwaje.png\"><img loading=\"lazy\" decoding=\"async\" class=\"aligncenter size-full wp-image-1763\" src=\"https:\/\/online.tvk-gaj.pl\/wp-content\/uploads\/2013\/03\/komunikacja_gaj_tramwaje.png\" alt=\"komunikacja_gaj_tramwaje\" width=\"578\" height=\"539\" srcset=\"https:\/\/online.tvk-gaj.pl\/wp-content\/uploads\/2013\/03\/komunikacja_gaj_tramwaje.png 578w, https:\/\/online.tvk-gaj.pl\/wp-content\/uploads\/2013\/03\/komunikacja_gaj_tramwaje-300x279.png 300w\" sizes=\"auto, (max-width: 578px) 100vw, 578px\" \/><\/a><\/p>\n<p>&nbsp;<\/p>\n<p><a href=\"https:\/\/online.tvk-gaj.pl\/wp-content\/uploads\/2013\/03\/komunikacja_gaj_nocne.png\"><img loading=\"lazy\" decoding=\"async\" class=\"aligncenter size-full wp-image-1764\" src=\"https:\/\/online.tvk-gaj.pl\/wp-content\/uploads\/2013\/03\/komunikacja_gaj_nocne.png\" alt=\"komunikacja_gaj_nocne\" width=\"389\" height=\"384\" srcset=\"https:\/\/online.tvk-gaj.pl\/wp-content\/uploads\/2013\/03\/komunikacja_gaj_nocne.png 389w, https:\/\/online.tvk-gaj.pl\/wp-content\/uploads\/2013\/03\/komunikacja_gaj_nocne-300x296.png 300w, https:\/\/online.tvk-gaj.pl\/wp-content\/uploads\/2013\/03\/komunikacja_gaj_nocne-60x60.png 60w\" sizes=\"auto, (max-width: 389px) 100vw, 389px\" \/><\/a><\/p>\n<p>&nbsp;<\/p>\n<p>&nbsp;<\/p>\n<p>&nbsp;<\/p>\n<p><strong>ULICE NA GAJU<\/strong><\/p>\n<table border=\"1\" width=\"259\" cellspacing=\"0\" cellpadding=\"0\">\n<tbody>\n<tr>\n<td valign=\"top\"><b>l.p.<\/b><\/td>\n<td valign=\"top\"><b>Ulica<\/b><\/td>\n<\/tr>\n<tr>\n<td valign=\"top\">1<\/td>\n<td valign=\"top\">Alpejska<\/td>\n<\/tr>\n<tr>\n<td valign=\"top\">2<\/td>\n<td valign=\"top\">Bielawska<\/td>\n<\/tr>\n<tr>\n<td valign=\"top\">3<\/td>\n<td valign=\"top\">Borowska 114 &#8211; 281<\/td>\n<\/tr>\n<tr>\n<td valign=\"top\">4<\/td>\n<td valign=\"top\">Brzoskwiniowa<\/td>\n<\/tr>\n<tr>\n<td valign=\"top\">5<\/td>\n<td valign=\"top\">Czerniawska<\/td>\n<\/tr>\n<tr>\n<td valign=\"top\">6<\/td>\n<td valign=\"top\">D\u0142ugopolska<\/td>\n<\/tr>\n<tr>\n<td valign=\"top\">7<\/td>\n<td valign=\"top\">Dusznicka<\/td>\n<\/tr>\n<tr>\n<td valign=\"top\">8<\/td>\n<td valign=\"top\">Dzia\u0142kowa<\/td>\n<\/tr>\n<tr>\n<td valign=\"top\">9<\/td>\n<td valign=\"top\">Dzier\u017coniowska<\/td>\n<\/tr>\n<tr>\n<td valign=\"top\">10<\/td>\n<td valign=\"top\">Glogera<\/td>\n<\/tr>\n<tr>\n<td valign=\"top\">11<\/td>\n<td valign=\"top\">Himalajska<\/td>\n<\/tr>\n<tr>\n<td valign=\"top\">12<\/td>\n<td valign=\"top\">Jab\u0142eczna<\/td>\n<\/tr>\n<tr>\n<td valign=\"top\">13<\/td>\n<td valign=\"top\">K\u0142odzka<\/td>\n<\/tr>\n<tr>\n<td valign=\"top\">14<\/td>\n<td valign=\"top\">Krynicka<\/td>\n<\/tr>\n<tr>\n<td valign=\"top\">15<\/td>\n<td valign=\"top\">Kudowska<\/td>\n<\/tr>\n<tr>\n<td valign=\"top\">16<\/td>\n<td valign=\"top\">Kukuczki<\/td>\n<\/tr>\n<tr>\n<td valign=\"top\">17<\/td>\n<td valign=\"top\">L\u0105decka<\/td>\n<\/tr>\n<tr>\n<td valign=\"top\">18<\/td>\n<td valign=\"top\">Niemcza\u0144ska<\/td>\n<\/tr>\n<tr>\n<td valign=\"top\">19<\/td>\n<td valign=\"top\">Or\u0142owicza<\/td>\n<\/tr>\n<tr>\n<td valign=\"top\">20<\/td>\n<td valign=\"top\">Orzechowa<\/td>\n<\/tr>\n<tr>\n<td valign=\"top\">21<\/td>\n<td valign=\"top\">Pamirska<\/td>\n<\/tr>\n<tr>\n<td valign=\"top\">22<\/td>\n<td valign=\"top\">Pi\u0142awska<\/td>\n<\/tr>\n<tr>\n<td valign=\"top\">23<\/td>\n<td valign=\"top\">Pieszycka<\/td>\n<\/tr>\n<tr>\n<td valign=\"top\">24<\/td>\n<td valign=\"top\">Pietrzykowicka<\/td>\n<\/tr>\n<tr>\n<td valign=\"top\">25<\/td>\n<td valign=\"top\">Pirenejska 26<\/td>\n<\/tr>\n<tr>\n<td valign=\"top\">26<\/td>\n<td valign=\"top\">Puszczykowska<\/td>\n<\/tr>\n<tr>\n<td valign=\"top\">27<\/td>\n<td valign=\"top\">Radkowska<\/td>\n<\/tr>\n<tr>\n<td valign=\"top\">28<\/td>\n<td valign=\"top\">Rutkiewicz<\/td>\n<\/tr>\n<tr>\n<td valign=\"top\">29<\/td>\n<td valign=\"top\">Spiska<\/td>\n<\/tr>\n<tr>\n<td valign=\"top\">30<\/td>\n<td valign=\"top\">Stro\u0144ska<\/td>\n<\/tr>\n<tr>\n<td valign=\"top\">31<\/td>\n<td valign=\"top\">Srebrnog\u00f3rska (nowa)<\/td>\n<\/tr>\n<tr>\n<td valign=\"top\">32<\/td>\n<td valign=\"top\">\u015awieradowska<\/td>\n<\/tr>\n<tr>\n<td valign=\"top\">33<\/td>\n<td valign=\"top\">Trawna<\/td>\n<\/tr>\n<tr>\n<td valign=\"top\">34<\/td>\n<td valign=\"top\">Wambierzycka<\/td>\n<\/tr>\n<tr>\n<td valign=\"top\">35<\/td>\n<td valign=\"top\">Zaruskiego<\/td>\n<\/tr>\n<tr>\n<td valign=\"top\">36<\/td>\n<td valign=\"top\">Zmorskiego<\/td>\n<\/tr>\n<tr>\n<td valign=\"top\">37<\/td>\n<td valign=\"top\">\u017begiestowska<\/td>\n<\/tr>\n<\/tbody>\n<\/table>\n<p>&nbsp;<\/p>\n<p>&nbsp;<\/p>\n","protected":false},"excerpt":{"rendered":"<p>GDZIE ZNAJDUJE SI\u0118 GAJ? Osiedle po\u0142o\u017cone jest w po\u0142udniowej cz\u0119\u015bci&nbsp;Wroc\u0142awia. Graniczny od p\u00f3\u0142nocy z osiedlem Huby, od po\u0142udnia z osiedlem Wojszyce, od wschodu z Tarnogajem oraz zachodu z osiedlem Borek. Gaj&nbsp;zajmuje po\u0142udniow\u0105 cz\u0119\u015b\u0107 teren\u00f3w przy\u0142\u0105czonej do miasta w roku&nbsp;1904&nbsp;wsi&nbsp;Herdain. Nie nale\u017cy myli\u0107 go z s\u0105siednim osiedlem&nbsp;Tarnogaj&nbsp;znajduj\u0105cym si\u0119 r\u00f3wnie\u017c w obr\u0119bie tej samej dawnej dzielnicy&nbsp;Krzyki&nbsp;ani z [&hellip;]<\/p>\n","protected":false},"author":1,"featured_media":0,"parent":0,"menu_order":0,"comment_status":"open","ping_status":"open","template":"","meta":{"footnotes":""},"class_list":["post-768","page","type-page","status-publish","hentry"],"_links":{"self":[{"href":"https:\/\/online.tvk-gaj.pl\/index.php?rest_route=\/wp\/v2\/pages\/768","targetHints":{"allow":["GET"]}}],"collection":[{"href":"https:\/\/online.tvk-gaj.pl\/index.php?rest_route=\/wp\/v2\/pages"}],"about":[{"href":"https:\/\/online.tvk-gaj.pl\/index.php?rest_route=\/wp\/v2\/types\/page"}],"author":[{"embeddable":true,"href":"https:\/\/online.tvk-gaj.pl\/index.php?rest_route=\/wp\/v2\/users\/1"}],"replies":[{"embeddable":true,"href":"https:\/\/online.tvk-gaj.pl\/index.php?rest_route=%2Fwp%2Fv2%2Fcomments&post=768"}],"version-history":[{"count":21,"href":"https:\/\/online.tvk-gaj.pl\/index.php?rest_route=\/wp\/v2\/pages\/768\/revisions"}],"predecessor-version":[{"id":15467,"href":"https:\/\/online.tvk-gaj.pl\/index.php?rest_route=\/wp\/v2\/pages\/768\/revisions\/15467"}],"wp:attachment":[{"href":"https:\/\/online.tvk-gaj.pl\/index.php?rest_route=%2Fwp%2Fv2%2Fmedia&parent=768"}],"curies":[{"name":"wp","href":"https:\/\/api.w.org\/{rel}","templated":true}]}}